{"id":1885,"date":"2023-11-22T11:50:34","date_gmt":"2023-11-22T10:50:34","guid":{"rendered":"https:\/\/fenacogof.wpengine.com\/futtermittel-bio\/"},"modified":"2025-07-07T11:04:54","modified_gmt":"2025-07-07T10:04:54","slug":"recolte-et-culture","status":"publish","type":"page","link":"https:\/\/www.fenaco-gof.ch\/fr\/recolte-et-culture\/","title":{"rendered":"R\u00e9colte et culture"},"content":{"rendered":"\n<div class=\"wp-block-columns\">\n<div class=\"wp-block-column\" style=\"flex-basis:66.66%\">\n<p>En tant que productrice et producteur des cultures bio dans le <a href=\"https:\/\/www.fenaco-gof.ch\/fr\/systeme-maxi\/\" data-type=\"page\" data-id=\"647\">syst\u00e8me MAXI<\/a>, vous recevez des informations et des conseils directement du centre collecteur certifi\u00e9 bio de votre choix. Nous vous recommandons de vous renseigner aupr\u00e8s du centre collecteur avant de cultiver pour savoir si les cultures pr\u00e9vues seront prises en charge, quelle est la situation du march\u00e9 et quelles cultures n\u00e9cessitent un contrat de culture obligatoire avec le centre collecteur.<\/p>\n\n\n\n<p>Sur cette page, les producteurs et productrices trouveront les informations les plus importantes sur la culture bio dans le syst\u00e8me MAXI.<\/p>\n\n\n\n<p>Vous souhaitez en savoir plus ? Adressez-vous directement au centre collecteur bio le plus proche de chez vous (voir carte et liste ci-dessous) ou aux responsables r\u00e9gionaux du syst\u00e8me MAXI.<\/p>\n<\/div>\n\n\n\n<div class=\"wp-block-column\" style=\"flex-basis:33.33%\">\n<div class=\"wp-block-cloudweb-accordion alignfull alignwide\"><div class=\"accordion\">\n<div class=\"wp-block-cloudweb-accordion-item\"><div class=\"accordion-item\"><div class=\"accordion-item-header\"><h3 class=\"accordion-title\">Documents pour des exploitations agricoles biologique<\/h3><\/div><div class=\"accordion-content\">\n<p class=\"is-style-accordion-link\"><a href=\"https:\/\/www.fenaco-gof.ch\/wp-content\/uploads\/2026\/04\/260427_Nachfragebaromter_April_neu_FR.jpg\" target=\"_blank\" rel=\"noreferrer noopener\">\u00ab\u00a0Barom\u00e8tre de la demande\u00a0\u00bb Bio, Avril 2026<\/a><\/p>\n\n\n\n<p class=\"is-style-accordion-link\"><a href=\"https:\/\/www.fenaco-gof.ch\/wp-content\/uploads\/2025\/07\/Centres-collecteurs-bio-dans-le-systeme-MAXI_2025_Juli-2025_fr.pdf\" target=\"_blank\" rel=\"noreferrer noopener\">Liste des centres collecteurs c\u00e9r\u00e9ales bio, Juillet 2025<\/a><\/p>\n\n\n\n<p class=\"is-style-accordion-link\"><a href=\"https:\/\/www.fenaco-gof.ch\/wp-content\/uploads\/2025\/06\/250601_Medien_F_UFARevue_Anbauempfehlung-2026.pdf\" target=\"_blank\" rel=\"noreferrer noopener\">Recommandations culturales R\u00e9colte 2026, UFA Revue, juin 2025<\/a><\/p>\n\n\n\n<p class=\"is-style-accordion-link\"><a href=\"https:\/\/www.fenaco-gof.ch\/wp-content\/uploads\/2025\/04\/2025_f_fen-gof_pm-bio_flyer_cultures-a-graines-bio.pdf\" target=\"_blank\" rel=\"noreferrer noopener\">Flyer LANDI \u00abCultures \u00e0 graines&nbsp;\u00bb,  Avril 2025<\/a><\/p>\n\n\n\n<p class=\"is-style-accordion-link\"><a href=\"https:\/\/www.fenaco-gof.ch\/wp-content\/uploads\/2023\/12\/230201_Medien_FR_UFARevue_SoBlu.pdf\" target=\"_blank\" rel=\"noreferrer noopener\">Tournesol &#8211;&nbsp;Les tournesols ont le vent en poupe, Revue UFA<\/a><\/p>\n\n\n\n<p class=\"is-style-accordion-link\"><a href=\"https:\/\/www.fenaco-gof.ch\/wp-content\/uploads\/2023\/12\/210101_Bio_FR_Flyer_Bio-Soja.pdf\" target=\"_blank\" rel=\"noreferrer noopener\">Brochure Soja Bio <\/a><\/p>\n\n\n\n<p class=\"is-style-accordion-link\"><a href=\"https:\/\/www.fenaco-gof.ch\/wp-content\/uploads\/2023\/12\/210301_Medien_FR_UFARevue_leguminosen.pdf\" target=\"_blank\" rel=\"noreferrer noopener\">L\u00e9gumineuses \u00e0 graines &#8211; Des prot\u00e9ines, oui, mais suisses, Revue UFA<\/a><\/p>\n<\/div><\/div><\/div>\n<\/div><\/div>\n<\/div>\n<\/div>\n\n\n\n<div style=\"height:50px\" aria-hidden=\"true\" class=\"wp-block-spacer\"><\/div>\n\n\n\n<h2 class=\"wp-block-heading\">Centres collecteur bio dans le syst\u00e8me MAXI<\/h2>\n\n\n\n<p>La carte ci-dessous montre les sites num\u00e9rot\u00e9s selon la liste du PDF.<\/p>\n\n\n\n<div style=\"height:50px\" aria-hidden=\"true\" class=\"wp-block-spacer\"><\/div>\n\n\n\n<div class=\"wp-block-columns\">\n<div class=\"wp-block-column\">\n<figure data-wp-context=\"{&quot;imageId&quot;:&quot;69f48a39542e3&quot;}\" data-wp-interactive=\"core\/image\" data-wp-key=\"69f48a39542e3\" class=\"wp-block-image size-large wp-lightbox-container\"><img loading=\"lazy\" decoding=\"async\" width=\"1024\" height=\"576\" data-wp-class--hide=\"state.isContentHidden\" data-wp-class--show=\"state.isContentVisible\" data-wp-init=\"callbacks.setButtonStyles\" data-wp-on--click=\"actions.showLightbox\" data-wp-on--load=\"callbacks.setButtonStyles\" data-wp-on-window--resize=\"callbacks.setButtonStyles\" src=\"https:\/\/www.fenaco-gof.ch\/wp-content\/uploads\/2025\/07\/Karte_Bio-Sammelstellen-Ernte-2025_Juli-2025-1024x576.jpg\" alt=\"\" class=\"wp-image-4062\" srcset=\"https:\/\/www.fenaco-gof.ch\/wp-content\/uploads\/2025\/07\/Karte_Bio-Sammelstellen-Ernte-2025_Juli-2025-1024x576.jpg 1024w, https:\/\/www.fenaco-gof.ch\/wp-content\/uploads\/2025\/07\/Karte_Bio-Sammelstellen-Ernte-2025_Juli-2025-300x169.jpg 300w, https:\/\/www.fenaco-gof.ch\/wp-content\/uploads\/2025\/07\/Karte_Bio-Sammelstellen-Ernte-2025_Juli-2025-768x432.jpg 768w, https:\/\/www.fenaco-gof.ch\/wp-content\/uploads\/2025\/07\/Karte_Bio-Sammelstellen-Ernte-2025_Juli-2025.jpg 1280w\" sizes=\"auto, (max-width: 1024px) 100vw, 1024px\" \/><button\n\t\t\tclass=\"lightbox-trigger\"\n\t\t\ttype=\"button\"\n\t\t\taria-haspopup=\"dialog\"\n\t\t\taria-label=\"Enlarge\"\n\t\t\tdata-wp-init=\"callbacks.initTriggerButton\"\n\t\t\tdata-wp-on--click=\"actions.showLightbox\"\n\t\t\tdata-wp-style--right=\"state.imageButtonRight\"\n\t\t\tdata-wp-style--top=\"state.imageButtonTop\"\n\t\t>\n\t\t\t<svg xmlns=\"http:\/\/www.w3.org\/2000\/svg\" width=\"12\" height=\"12\" fill=\"none\" viewBox=\"0 0 12 12\">\n\t\t\t\t<path fill=\"#fff\" d=\"M2 0a2 2 0 0 0-2 2v2h1.5V2a.5.5 0 0 1 .5-.5h2V0H2Zm2 10.5H2a.5.5 0 0 1-.5-.5V8H0v2a2 2 0 0 0 2 2h2v-1.5ZM8 12v-1.5h2a.5.5 0 0 0 .5-.5V8H12v2a2 2 0 0 1-2 2H8Zm2-12a2 2 0 0 1 2 2v2h-1.5V2a.5.5 0 0 0-.5-.5H8V0h2Z\" \/>\n\t\t\t<\/svg>\n\t\t<\/button><\/figure>\n<\/div>\n\n\n\n<div class=\"wp-block-column\">\n<div data-wp-interactive=\"core\/file\" class=\"wp-block-file\"><object data-wp-bind--hidden=\"!state.hasPdfPreview\" hidden class=\"wp-block-file__embed\" data=\"https:\/\/www.fenaco-gof.ch\/wp-content\/uploads\/2025\/07\/Centres-collecteurs-bio-dans-le-systeme-MAXI_2025_Juli-2025_fr.pdf\" type=\"application\/pdf\" style=\"width:100%;height:475px\" aria-label=\"Contenu embarqu\u00e9 Centres collecteurs Bio du syst\u00e8me MAXI 2025.\"><\/object><a id=\"wp-block-file--media-b48c5c07-c9a4-4786-8514-a07dd28a0a0e\" href=\"https:\/\/www.fenaco-gof.ch\/wp-content\/uploads\/2025\/07\/Centres-collecteurs-bio-dans-le-systeme-MAXI_2025_Juli-2025_fr.pdf\" target=\"_blank\" rel=\"noreferrer noopener\">Centres collecteurs Bio du syst\u00e8me MAXI 2025<\/a><a href=\"https:\/\/www.fenaco-gof.ch\/wp-content\/uploads\/2025\/07\/Centres-collecteurs-bio-dans-le-systeme-MAXI_2025_Juli-2025_fr.pdf\" class=\"wp-block-file__button wp-element-button\" download aria-describedby=\"wp-block-file--media-b48c5c07-c9a4-4786-8514-a07dd28a0a0e\">Herunterladen<\/a><\/div>\n<\/div>\n<\/div>\n\n\n\n<div style=\"height:50px\" aria-hidden=\"true\" class=\"wp-block-spacer\"><\/div>\n\n\n\n<h3 class=\"wp-block-heading\">Responsables r\u00e9gionaux syst\u00e8me MAXI<\/h3>\n\n\n\n<div class=\"wp-block-columns\">\n<div class=\"wp-block-column\">\n<h4 class=\"wp-block-heading\">Suisse romande<\/h4>\n\n\n\n<div class=\"wp-block-cloudweb-person-card is-style-without-languages wp-block-cloudweb-person-card-dynamic\">\n\t<div class=\"person-card-info\">\n\t\t<div class=\"person-card-image\">\n\t\t\t<img decoding=\"async\" src=\"https:\/\/www.fenaco-gof.ch\/wp-content\/uploads\/2023\/12\/Christen_Raymond_GOF_2018.jpg\" alt=\"\" width=\"800\" height=\"800\" loading=\"lazy\" \/>\t\t<\/div>\n\t\t<div class=\"person-card-details\">\n\t\t\t<h2 class=\"person-card-name\">Raymond Christen<\/h2>\n\t\t\t<p class=\"person-card-detail\">Responsable bureau Romandie \/ Responsable r\u00e9gional des centres collecteurs Suisse Romande<\/p><\/div>\n\t<\/div>\n\t<div class=\"person-card-contact\">\n\t\t\t\t\t<p class=\"person-card-phone\">\n\t\t\t\t<a href=\"tel:+41584336401\" itemprop=\"telephone\" title=\"Call us\">+41 58 433 64 01<\/a>\t\t\t<\/p>\n\t\t\t\t\t\t\t\t\t<p class=\"person-card-mail\">\n\t\t\t\t<a href=\"mailto:&#114;a&#121;mo&#110;d&#46;ch&#114;ist%65%6e%40&#102;%65n%61%63&#111;&#46;%63%6f%6d\" title=\"Email us\" itemprop=\"email\">&#114;&#97;ym&#111;n&#100;&#46;c&#104;&#114;&#105;ste&#110;&#64;fe&#110;&#97;&#99;&#111;&#46;&#99;&#111;m<\/a>\t\t\t<\/p>\n\t\t\n\t<\/div>\n\t<\/div>\n<\/div>\n\n\n\n<div class=\"wp-block-column\">\n<h4 class=\"wp-block-heading\">Plateau central<\/h4>\n\n\n\n<div class=\"wp-block-cloudweb-person-card is-style-without-languages wp-block-cloudweb-person-card-dynamic\">\n\t<div class=\"person-card-info\">\n\t\t<div class=\"person-card-image\">\n\t\t\t<img decoding=\"async\" src=\"https:\/\/www.fenaco-gof.ch\/wp-content\/uploads\/2025\/09\/00091619_thb.jpg\" alt=\"\" width=\"1200\" height=\"1200\" loading=\"lazy\" \/>\t\t<\/div>\n\t\t<div class=\"person-card-details\">\n\t\t\t<h2 class=\"person-card-name\">Sarah Leuenberger<\/h2>\n\t\t\t<p class=\"person-card-detail\">Logistique \/ Disposition<\/p><\/div>\n\t<\/div>\n\t<div class=\"person-card-contact\">\n\t\t\t\t\t<p class=\"person-card-phone\">\n\t\t\t\t<a href=\"tel:+41584336429\" itemprop=\"telephone\" title=\"Call us\">+41 58 433 64 29<\/a>\t\t\t<\/p>\n\t\t\t\t\t\t\t\t\t<p class=\"person-card-mail\">\n\t\t\t\t<a href=\"mailto:%73a%72&#97;%68&#46;&#108;eu%65%6eb&#101;r&#103;&#101;&#114;%40%66&#101;&#110;%61c%6f.&#99;%6f&#109;\" title=\"Email us\" itemprop=\"email\">&#115;&#97;ra&#104;&#46;&#108;eue&#110;b&#101;rge&#114;&#64;f&#101;n&#97;&#99;&#111;&#46;&#99;om<\/a>\t\t\t<\/p>\n\t\t\n\t<\/div>\n\t<\/div>\n<\/div>\n\n\n\n<div class=\"wp-block-column\">\n<h4 class=\"wp-block-heading\">Suisse orientale<\/h4>\n\n\n\n<div class=\"wp-block-cloudweb-person-card is-style-without-languages wp-block-cloudweb-person-card-dynamic\">\n\t<div class=\"person-card-info\">\n\t\t<div class=\"person-card-image\">\n\t\t\t<img decoding=\"async\" src=\"https:\/\/www.fenaco-gof.ch\/wp-content\/uploads\/2025\/05\/Jessica-Haus._thb.jpg\" alt=\"\" width=\"1966\" height=\"1966\" loading=\"lazy\" \/>\t\t<\/div>\n\t\t<div class=\"person-card-details\">\n\t\t\t<h2 class=\"person-card-name\">Jessica Langhard<\/h2>\n\t\t\t<p class=\"person-card-detail\">Logistique \/ Disposition<\/p><\/div>\n\t<\/div>\n\t<div class=\"person-card-contact\">\n\t\t\t\t\t<p class=\"person-card-phone\">\n\t\t\t\t<a href=\"tel:+41584336469\" itemprop=\"telephone\" title=\"Call us\">+41 58 433 64 69<\/a>\t\t\t<\/p>\n\t\t\t\t\t\t\t\t\t<p class=\"person-card-mail\">\n\t\t\t\t<a href=\"mailto:&#106;%65&#115;%73ic%61.l&#97;&#110;%67&#104;&#97;rd&#64;%66%65&#110;&#97;%63o%2e&#99;%6fm\" title=\"Email us\" itemprop=\"email\">je&#115;&#115;i&#99;a&#46;l&#97;n&#103;har&#100;&#64;&#102;e&#110;ac&#111;&#46;&#99;&#111;&#109;<\/a>\t\t\t<\/p>\n\t\t\n\t<\/div>\n\t<\/div>\n<\/div>\n<\/div>\n\n\n\n<p><\/p>\n\n\n\n<p><\/p>\n","protected":false},"excerpt":{"rendered":"<p>En tant que productrice et producteur des cultures bio dans le syst\u00e8me MAXI, vous recevez des informations et des conseils directement du centre collecteur certifi\u00e9 bio de votre choix. Nous vous recommandons de vous renseigner aupr\u00e8s du centre collecteur avant de cultiver pour savoir si les cultures pr\u00e9vues seront prises en charge, quelle est la [&hellip;]<\/p>\n","protected":false},"author":3,"featured_media":0,"parent":0,"menu_order":0,"comment_status":"closed","ping_status":"closed","template":"","meta":{"_acf_changed":false,"inline_featured_image":false,"_genesis_hide_title":false,"_genesis_hide_breadcrumbs":false,"_genesis_hide_singular_image":false,"_genesis_hide_footer_widgets":false,"_genesis_custom_body_class":"","_genesis_custom_post_class":"","_genesis_layout":"","footnotes":""},"class_list":{"0":"post-1885","1":"page","2":"type-page","3":"status-publish","5":"entry"},"acf":[],"_links":{"self":[{"href":"https:\/\/www.fenaco-gof.ch\/fr\/wp-json\/wp\/v2\/pages\/1885","targetHints":{"allow":["GET"]}}],"collection":[{"href":"https:\/\/www.fenaco-gof.ch\/fr\/wp-json\/wp\/v2\/pages"}],"about":[{"href":"https:\/\/www.fenaco-gof.ch\/fr\/wp-json\/wp\/v2\/types\/page"}],"author":[{"embeddable":true,"href":"https:\/\/www.fenaco-gof.ch\/fr\/wp-json\/wp\/v2\/users\/3"}],"replies":[{"embeddable":true,"href":"https:\/\/www.fenaco-gof.ch\/fr\/wp-json\/wp\/v2\/comments?post=1885"}],"version-history":[{"count":0,"href":"https:\/\/www.fenaco-gof.ch\/fr\/wp-json\/wp\/v2\/pages\/1885\/revisions"}],"wp:attachment":[{"href":"https:\/\/www.fenaco-gof.ch\/fr\/wp-json\/wp\/v2\/media?parent=1885"}],"curies":[{"name":"wp","href":"https:\/\/api.w.org\/{rel}","templated":true}]}}